{"id":6061,"date":"2018-05-14T10:43:33","date_gmt":"2018-05-14T08:43:33","guid":{"rendered":"http:\/\/www.camping-eden-savoie.com\/votre-camping-en-savoie-pour-les-personnes-a-mobilite-reduite\/"},"modified":"2020-09-24T16:48:22","modified_gmt":"2020-09-24T14:48:22","slug":"uw-camping-in-savoy-for-persons-a-mobility-verminderde","status":"publish","type":"page","link":"https:\/\/www.camping-eden-savoie.com\/nl\/uw-camping-in-savoy-for-persons-a-mobility-verminderde\/","title":{"rendered":"Qui : Personnes \u00e0 mobilit\u00e9 r\u00e9duite"},"content":{"rendered":"<section id=\"section-5f2ab25841fbb\"\" class=\"section bg-color1\" \/><div class=\"container extralarge\"><h1 class=\"element section-title center m-b-4\">Uw camping voor mensen met beperkte mobiliteit<\/h1><\/div><\/section>\n\n<section id=\"section-5f2ab25842436\"\" class=\"section bg-color5 p-t-0 p-b-0\" \/><div class=\"container full\"><div class=\"colonnes-wrap valign-middle \"><div class=\"element colonne p-0\"><div class=\"element images scroll-x-mobile\"><div class=\"image\"><img decoding=\"async\" src=\"\" data-src=\"https:\/\/www.camping-eden-savoie.com\/wp-content\/uploads\/2020\/08\/camping-adapte-pmr-savoie.jpg\" alt=\"camping adapte pmr savoie\" class=\"images_image anime-zoom\" \/><\/div><\/div><\/div><div class=\"element colonne p-x-10 p-y-10\"><div class=\"element bloc-text justify \">\n\t<p>We proberen <strong class=\"bold color1\">diensten aan te bieden die aangepast zijn voor mensen met een beperkte mobiliteit<\/strong> :<\/p>\n<ul>\n<li><strong class=\"bold color1\">Indien u wenst te verblijven op \u00e9\u00e9n van onze 90 aangelegde plaatsen<\/strong> (met eigen tent, caravan of camper), kunnen wij u een ruime, vlakke plaats aanbieden dicht bij alle voorzieningen (sanitair, receptie, enz.).  Ons sanitairgebouw is toegankelijk voor rolstoelgebruikers en er is een ruime douche met aangepast toilet voor u voorzien!  Het voetbad dat toegang geeft tot het zwembad is ook toegankelijk voor u (een persoon zal u moeten begeleiden om de deur te openen en u te helpen bij het baden).  En ten slotte kunt u zich met uw fauteuil gemakkelijk verplaatsen tussen uw standplaats &#8211; de receptie &#8211; de bar en het terras en ten slotte het zwembad.<\/li>\n<li><strong class=\"bold color1\">Als u een verblijf in een huuraccommodatie wilt doorbrengen<\/strong>, is slechts \u00e9\u00e9n van onze huuraccommodaties aangepast voor mensen met een beperkte mobiliteit en het is een bungalowtent.  Deze bungalow bevat geen sanitaire voorzieningen, dus u heeft toegang tot de gemeenschappelijke sanitaire voorzieningen die toegankelijk zijn voor rolstoelgebruikers en er is een ruime douche met aangepast toilet voor u voorzien!  Het voetbad dat toegang geeft tot het zwembad is ook toegankelijk voor u (een persoon zal u moeten begeleiden om de deur te openen en u te helpen bij het baden).  En ten slotte kunt u zich met uw fauteuil gemakkelijk verplaatsen tussen uw kampeerplaatsen &#8211; de receptie, de bar en het terras en ten slotte het zwembad.<\/li>\n<\/ul>\n<\/div><\/div><\/div><\/div><\/section>\n\n<section id=\"section-5f2aae2ae11ca\"\" class=\"section bg-color5 p-t-0 p-b-0\" \/><div class=\"container full\"><div class=\"colonnes-wrap valign-middle \"><div class=\"element colonne p-x-10 p-y-10\"><h2 class=\"element section-title justify\">Camping PMR wat is het<\/h2><div class=\"element bloc-text justify \">\n\t<p>Bij <a href=\"\/nl\/\">camping Savoie<\/a> willen we al onze gasten de mogelijkheid bieden om de schatten van de Alpen te ontdekken. <\/p>\n<p>Daarom zijn we er trots op dat we aan het hoofd staan van een PMR buitenhotel dat is aangepast aan de specifieke behoeften van mensen met een beperkte mobiliteit.<\/p>\n<p>We hebben <strong class=\"bold color1\">infrastructuren opgezet die toegankelijk zijn voor mensen met een handicap<\/strong>, inclusief een PMR canvas bungalow.<\/p>\n<p>Ons doel ? Om hen in staat te stellen zich zelfstandig te verplaatsen in onze voorzieningen (sanitairgebouwen, bar, zwembad&#8230;) en om, zoals alle bezoekers, te genieten van de geneugten van het kamperen in een groene en beschermde omgeving aan de poort van het Vanoise National Park.<\/p>\n<\/div><\/div><div class=\"element colonne p-0\"><div class=\"element images scroll-x-mobile\"><div class=\"image\"><img decoding=\"async\" src=\"\" data-src=\"https:\/\/www.camping-eden-savoie.com\/wp-content\/uploads\/2020\/08\/acces-handicape-savoie.jpg\" alt=\"acces handicape savoie\" class=\"images_image anime-zoom\" \/><\/div><\/div><\/div><\/div><\/div><\/section>\n\n<section id=\"section-last\"\" class=\"section bg-color5 p-t-0 p-b-0\" \/><div class=\"container full\"><div class=\"colonnes-wrap valign-middle \"><div class=\"element colonne p-0\"><div class=\"element images scroll-x-mobile\"><div class=\"image\"><img decoding=\"async\" src=\"\" data-src=\"https:\/\/www.camping-eden-savoie.com\/wp-content\/uploads\/2020\/08\/location-pmr-savoie.jpg\" alt=\"location pmr savoie\" class=\"images_image anime-zoom\" \/><\/div><\/div><\/div><div class=\"element colonne p-x-10 p-y-10\"><h2 class=\"element section-title justify\">PMR-stacaravans<\/h2><div class=\"element bloc-text justify \">\n\t<p>Ons verhuurpark omvat een <strong class=\"bold color1\">PMR accommodatie<\/strong>, een bungalowtent voor 5 personen die de voordelen van de bungalow en de traditionele tent combineert. <strong class=\"bold color1\">Geschikt voor personen met een beperkte mobiliteit<\/strong>, omvat het een grote woonkamer die uitkomt op de bosrijke omgeving, een uitgeruste keuken en 2 aparte slaapkamers, waarvan \u00e9\u00e9n een hoofdslaapkamer met een tweepersoonsbed is, evenals een ruim terras dat grenst aan de woonkamer met tuinmeubelen.<\/p>\n<p>Deze volledig ingerichte luxe accommodatie bevindt zich in de buurt van de sanitairgebouwen, die ook toegankelijk zijn voor rolstoelgebruikers (<strong class=\"bold color1\"> rolstoeltoegankelijk<\/strong>). De goede indeling van de kamers en het openings-\/sluitsysteem van de verschillende kamers maakt het gemakkelijk voor mensen met een handicap om zich te verplaatsen. <\/p>\n<p>Ze kunnen zich op elk moment van de ene naar de andere kamer verplaatsen, zich op het terras ontspannen en zich in de steegjes van de PMR-camping bewegen. Voordat u reserveert op de PMR camping, <strong class=\"bold color1\">neem contact met ons op om meer te weten<\/strong> te komen over onze PMR tentbungalow en de maatregelen die zijn genomen om mensen met een beperkte mobiliteit te verwelkomen.<\/p>\n<\/div><\/div><\/div><\/div><\/section>\n\n<section id=\"section-last-row\"\" class=\"section bg-color5 p-t-0 p-b-0\" \/><div class=\"container full\"><div class=\"colonnes-wrap valign-middle \"><div class=\"element colonne p-x-10 p-y-10\"><h2 class=\"element section-title justify\">Infrastructuur en uitrusting aangepast voor iedereen<\/h2><div class=\"element bloc-text justify \">\n\t<p>De integratie van mensen met beperkte mobiliteit in het dagelijks leven en op vakantie is een grote uitdaging. Onze camping stelt alles in het werk om ervoor te zorgen dat <strong class=\"bold color1\">mindervaliden met andere kampeerders<\/strong> kunnen samenleven en toegang hebben tot alle faciliteiten. Als u op de camping Eden de la Vanoise verblijft met een gehandicapte, kunt u samen een drankje drinken op het terras, uw maaltijden delen op het priv\u00e9-terras van uw tentbungalow en urenlang in het zwemparadijs doorbrengen met een overdekt zwembad dat het hele jaar door verwarmd wordt tussen 28 en 30\u00b0C, zomer en winter. <\/p>\n<p>Ook de binnenste speelruimte, de wasserij, de bakkerij, het sanitairgebouw en het terras zijn gemakkelijk toegankelijk voor personen met een beperkte mobiliteit. De receptie is elke dag open om hun vragen te beantwoorden en hun specifieke behoeften te beantwoorden gedurende hun hele verblijf. Ze zullen in staat zijn om deel te nemen aan de <strong class=\"bold color1\">receptie<\/strong> zodra ze aankomen om ons team en de andere vakantiegangers te ontmoeten, de diensten van professionals ter plaatse te vragen (masseuse, schoonheidsspecialiste) en, natuurlijk, zich vrij te bewegen op het hele landgoed.<\/p>\n<\/div><\/div><div class=\"element colonne p-0\"><div class=\"element images scroll-x-mobile\"><div class=\"image\"><img decoding=\"async\" src=\"\" data-src=\"https:\/\/www.camping-eden-savoie.com\/wp-content\/uploads\/2020\/08\/piscine-handicape-savoie.jpg\" alt=\"randonnees de savoie\" class=\"images_image anime-zoom\" \/><\/div><\/div><\/div><\/div><\/div><\/section>\n\n<section id=\"section-5f2ab2584333c\"\" class=\"section bg-color1\" \/><div class=\"container extralarge\"><div class=\"element section-title center cta-title\">Activiteiten in de buurt voor alle soorten van verblijf!<\/div><ul class=\"liste-de-page\"><li class=\"element call-to-action center cta-title call-to-action--style-1 call-to-action--normal\"><a href=\"https:\/\/www.camping-eden-savoie.com\/nl\/camping-families-haute-savoie\/\"  class=\"call-to-action_link\" title=\"Meer informatie over in de familie\"><div class=\"call-to-action_image\"><img decoding=\"async\" src=\"https:\/\/www.camping-eden-savoie.com\/wp-content\/uploads\/2020\/08\/famille-savoie-100x88.jpg\" data-src=\"https:\/\/www.camping-eden-savoie.com\/wp-content\/uploads\/2020\/08\/famille-savoie.jpg\" alt=\"famille savoie\" class=\"normal\" \/><\/div><div class=\"call-to-action_contenu\"><div class=\"call-to-action_titre\">In de familie<\/div><\/div><\/a><\/li><li class=\"element call-to-action center cta-title call-to-action--style-1 call-to-action--normal call-to-action--style-1 call-to-action--normal\"><a href=\"https:\/\/www.camping-eden-savoie.com\/nl\/camping-vissers-bergen\/\"  class=\"call-to-action_link\" title=\"Meer informatie over vissen\"><div class=\"call-to-action_image\"><img decoding=\"async\" src=\"https:\/\/www.camping-eden-savoie.com\/wp-content\/uploads\/2020\/08\/peche-savoie-100x88.jpg\" data-src=\"https:\/\/www.camping-eden-savoie.com\/wp-content\/uploads\/2020\/08\/peche-savoie.jpg\" alt=\"peche savoie\" class=\"normal\" \/><\/div><div class=\"call-to-action_contenu\"><div class=\"call-to-action_titre\">Vissen<\/div><\/div><\/a><\/li><li class=\"element call-to-action center cta-title call-to-action--style-1 call-to-action--normal call-to-action--style-1 call-to-action--normal call-to-action--style-1 call-to-action--normal\"><a href=\"https:\/\/www.camping-eden-savoie.com\/nl\/kampeer-ecologische-savoie\/\"  class=\"call-to-action_link\" title=\"Meer informatie over ecologische camping\"><div class=\"call-to-action_image\"><img decoding=\"async\" src=\"https:\/\/www.camping-eden-savoie.com\/wp-content\/uploads\/2020\/08\/environnement-savoie-100x88.jpg\" data-src=\"https:\/\/www.camping-eden-savoie.com\/wp-content\/uploads\/2020\/08\/environnement-savoie.jpg\" alt=\"environnement savoie\" class=\"normal\" \/><\/div><div class=\"call-to-action_contenu\"><div class=\"call-to-action_titre\">Ecologische camping<\/div><\/div><\/a><\/li><\/ul><\/div><\/section>","protected":false},"excerpt":{"rendered":"","protected":false},"author":1,"featured_media":4617,"parent":0,"menu_order":0,"comment_status":"closed","ping_status":"closed","template":"","meta":{"_acf_changed":false,"footnotes":""},"class_list":["post-6061","page","type-page","status-publish","has-post-thumbnail","hentry"],"acf":[],"yoast_head":"<!-- This site is optimized with the Yoast SEO plugin v25.3 - https:\/\/yoast.com\/wordpress\/plugins\/seo\/ -->\n<title>Camping PBM | Camping voor mensen met beperkte mobiliteit<\/title>\n<meta name=\"robots\" content=\"index, follow, max-snippet:-1, max-image-preview:large, max-video-preview:-1\" \/>\n<link rel=\"canonical\" href=\"https:\/\/www.camping-eden-savoie.com\/nl\/uw-camping-in-savoy-for-persons-a-mobility-verminderde\/\" \/>\n<meta property=\"og:locale\" content=\"nl_NL\" \/>\n<meta property=\"og:type\" content=\"article\" \/>\n<meta property=\"og:title\" content=\"Camping PBM | Camping voor mensen met beperkte mobiliteit\" \/>\n<meta property=\"og:url\" content=\"https:\/\/www.camping-eden-savoie.com\/nl\/uw-camping-in-savoy-for-persons-a-mobility-verminderde\/\" \/>\n<meta property=\"og:site_name\" content=\"Camping l&#039;Eden de la Vanoise\" \/>\n<meta property=\"article:modified_time\" content=\"2020-09-24T14:48:22+00:00\" \/>\n<meta property=\"og:image\" content=\"https:\/\/www.camping-eden-savoie.com\/wp-content\/uploads\/2020\/08\/camping-handicape-savoie.jpg\" \/>\n\t<meta property=\"og:image:width\" content=\"1903\" \/>\n\t<meta property=\"og:image:height\" content=\"550\" \/>\n\t<meta property=\"og:image:type\" content=\"image\/jpeg\" \/>\n<meta name=\"twitter:card\" content=\"summary_large_image\" \/>\n<script type=\"application\/ld+json\" class=\"yoast-schema-graph\">{\"@context\":\"https:\/\/schema.org\",\"@graph\":[{\"@type\":\"WebPage\",\"@id\":\"https:\/\/www.camping-eden-savoie.com\/nl\/uw-camping-in-savoy-for-persons-a-mobility-verminderde\/\",\"url\":\"https:\/\/www.camping-eden-savoie.com\/nl\/uw-camping-in-savoy-for-persons-a-mobility-verminderde\/\",\"name\":\"Camping PBM | Camping voor mensen met beperkte mobiliteit\",\"isPartOf\":{\"@id\":\"https:\/\/www.camping-eden-savoie.com\/nl\/#website\"},\"primaryImageOfPage\":{\"@id\":\"https:\/\/www.camping-eden-savoie.com\/nl\/uw-camping-in-savoy-for-persons-a-mobility-verminderde\/#primaryimage\"},\"image\":{\"@id\":\"https:\/\/www.camping-eden-savoie.com\/nl\/uw-camping-in-savoy-for-persons-a-mobility-verminderde\/#primaryimage\"},\"thumbnailUrl\":\"https:\/\/www.camping-eden-savoie.com\/wp-content\/uploads\/2020\/08\/camping-handicape-savoie.jpg\",\"datePublished\":\"2018-05-14T08:43:33+00:00\",\"dateModified\":\"2020-09-24T14:48:22+00:00\",\"breadcrumb\":{\"@id\":\"https:\/\/www.camping-eden-savoie.com\/nl\/uw-camping-in-savoy-for-persons-a-mobility-verminderde\/#breadcrumb\"},\"inLanguage\":\"nl-NL\",\"potentialAction\":[{\"@type\":\"ReadAction\",\"target\":[\"https:\/\/www.camping-eden-savoie.com\/nl\/uw-camping-in-savoy-for-persons-a-mobility-verminderde\/\"]}]},{\"@type\":\"ImageObject\",\"inLanguage\":\"nl-NL\",\"@id\":\"https:\/\/www.camping-eden-savoie.com\/nl\/uw-camping-in-savoy-for-persons-a-mobility-verminderde\/#primaryimage\",\"url\":\"https:\/\/www.camping-eden-savoie.com\/wp-content\/uploads\/2020\/08\/camping-handicape-savoie.jpg\",\"contentUrl\":\"https:\/\/www.camping-eden-savoie.com\/wp-content\/uploads\/2020\/08\/camping-handicape-savoie.jpg\",\"width\":1903,\"height\":550,\"caption\":\"camping handicape savoie\"},{\"@type\":\"BreadcrumbList\",\"@id\":\"https:\/\/www.camping-eden-savoie.com\/nl\/uw-camping-in-savoy-for-persons-a-mobility-verminderde\/#breadcrumb\",\"itemListElement\":[{\"@type\":\"ListItem\",\"position\":1,\"name\":\"Camping Savoie\",\"item\":\"https:\/\/www.camping-eden-savoie.com\/nl\/\"},{\"@type\":\"ListItem\",\"position\":2,\"name\":\"Verblijf op de camping PBM\"}]},{\"@type\":\"WebSite\",\"@id\":\"https:\/\/www.camping-eden-savoie.com\/nl\/#website\",\"url\":\"https:\/\/www.camping-eden-savoie.com\/nl\/\",\"name\":\"Camping l&#039;Eden de la Vanoise\",\"description\":\"\",\"potentialAction\":[{\"@type\":\"SearchAction\",\"target\":{\"@type\":\"EntryPoint\",\"urlTemplate\":\"https:\/\/www.camping-eden-savoie.com\/nl\/?s={search_term_string}\"},\"query-input\":{\"@type\":\"PropertyValueSpecification\",\"valueRequired\":true,\"valueName\":\"search_term_string\"}}],\"inLanguage\":\"nl-NL\"}]}<\/script>\n<!-- \/ Yoast SEO plugin. -->","yoast_head_json":{"title":"Camping PBM | Camping voor mensen met beperkte mobiliteit","robots":{"index":"index","follow":"follow","max-snippet":"max-snippet:-1","max-image-preview":"max-image-preview:large","max-video-preview":"max-video-preview:-1"},"canonical":"https:\/\/www.camping-eden-savoie.com\/nl\/uw-camping-in-savoy-for-persons-a-mobility-verminderde\/","og_locale":"nl_NL","og_type":"article","og_title":"Camping PBM | Camping voor mensen met beperkte mobiliteit","og_url":"https:\/\/www.camping-eden-savoie.com\/nl\/uw-camping-in-savoy-for-persons-a-mobility-verminderde\/","og_site_name":"Camping l&#039;Eden de la Vanoise","article_modified_time":"2020-09-24T14:48:22+00:00","og_image":[{"width":1903,"height":550,"url":"https:\/\/www.camping-eden-savoie.com\/wp-content\/uploads\/2020\/08\/camping-handicape-savoie.jpg","type":"image\/jpeg"}],"twitter_card":"summary_large_image","schema":{"@context":"https:\/\/schema.org","@graph":[{"@type":"WebPage","@id":"https:\/\/www.camping-eden-savoie.com\/nl\/uw-camping-in-savoy-for-persons-a-mobility-verminderde\/","url":"https:\/\/www.camping-eden-savoie.com\/nl\/uw-camping-in-savoy-for-persons-a-mobility-verminderde\/","name":"Camping PBM | Camping voor mensen met beperkte mobiliteit","isPartOf":{"@id":"https:\/\/www.camping-eden-savoie.com\/nl\/#website"},"primaryImageOfPage":{"@id":"https:\/\/www.camping-eden-savoie.com\/nl\/uw-camping-in-savoy-for-persons-a-mobility-verminderde\/#primaryimage"},"image":{"@id":"https:\/\/www.camping-eden-savoie.com\/nl\/uw-camping-in-savoy-for-persons-a-mobility-verminderde\/#primaryimage"},"thumbnailUrl":"https:\/\/www.camping-eden-savoie.com\/wp-content\/uploads\/2020\/08\/camping-handicape-savoie.jpg","datePublished":"2018-05-14T08:43:33+00:00","dateModified":"2020-09-24T14:48:22+00:00","breadcrumb":{"@id":"https:\/\/www.camping-eden-savoie.com\/nl\/uw-camping-in-savoy-for-persons-a-mobility-verminderde\/#breadcrumb"},"inLanguage":"nl-NL","potentialAction":[{"@type":"ReadAction","target":["https:\/\/www.camping-eden-savoie.com\/nl\/uw-camping-in-savoy-for-persons-a-mobility-verminderde\/"]}]},{"@type":"ImageObject","inLanguage":"nl-NL","@id":"https:\/\/www.camping-eden-savoie.com\/nl\/uw-camping-in-savoy-for-persons-a-mobility-verminderde\/#primaryimage","url":"https:\/\/www.camping-eden-savoie.com\/wp-content\/uploads\/2020\/08\/camping-handicape-savoie.jpg","contentUrl":"https:\/\/www.camping-eden-savoie.com\/wp-content\/uploads\/2020\/08\/camping-handicape-savoie.jpg","width":1903,"height":550,"caption":"camping handicape savoie"},{"@type":"BreadcrumbList","@id":"https:\/\/www.camping-eden-savoie.com\/nl\/uw-camping-in-savoy-for-persons-a-mobility-verminderde\/#breadcrumb","itemListElement":[{"@type":"ListItem","position":1,"name":"Camping Savoie","item":"https:\/\/www.camping-eden-savoie.com\/nl\/"},{"@type":"ListItem","position":2,"name":"Verblijf op de camping PBM"}]},{"@type":"WebSite","@id":"https:\/\/www.camping-eden-savoie.com\/nl\/#website","url":"https:\/\/www.camping-eden-savoie.com\/nl\/","name":"Camping l&#039;Eden de la Vanoise","description":"","potentialAction":[{"@type":"SearchAction","target":{"@type":"EntryPoint","urlTemplate":"https:\/\/www.camping-eden-savoie.com\/nl\/?s={search_term_string}"},"query-input":{"@type":"PropertyValueSpecification","valueRequired":true,"valueName":"search_term_string"}}],"inLanguage":"nl-NL"}]}},"_links":{"self":[{"href":"https:\/\/www.camping-eden-savoie.com\/nl\/wp-json\/wp\/v2\/pages\/6061"}],"collection":[{"href":"https:\/\/www.camping-eden-savoie.com\/nl\/wp-json\/wp\/v2\/pages"}],"about":[{"href":"https:\/\/www.camping-eden-savoie.com\/nl\/wp-json\/wp\/v2\/types\/page"}],"author":[{"embeddable":true,"href":"https:\/\/www.camping-eden-savoie.com\/nl\/wp-json\/wp\/v2\/users\/1"}],"replies":[{"embeddable":true,"href":"https:\/\/www.camping-eden-savoie.com\/nl\/wp-json\/wp\/v2\/comments?post=6061"}],"version-history":[{"count":10,"href":"https:\/\/www.camping-eden-savoie.com\/nl\/wp-json\/wp\/v2\/pages\/6061\/revisions"}],"predecessor-version":[{"id":7463,"href":"https:\/\/www.camping-eden-savoie.com\/nl\/wp-json\/wp\/v2\/pages\/6061\/revisions\/7463"}],"wp:featuredmedia":[{"embeddable":true,"href":"https:\/\/www.camping-eden-savoie.com\/nl\/wp-json\/wp\/v2\/media\/4617"}],"wp:attachment":[{"href":"https:\/\/www.camping-eden-savoie.com\/nl\/wp-json\/wp\/v2\/media?parent=6061"}],"curies":[{"name":"wp","href":"https:\/\/api.w.org\/{rel}","templated":true}]}}