{"id":6062,"date":"2018-05-14T10:43:33","date_gmt":"2018-05-14T08:43:33","guid":{"rendered":"http:\/\/www.camping-eden-savoie.com\/votre-camping-en-savoie-pour-les-personnes-a-mobilite-reduite\/"},"modified":"2020-09-24T16:38:58","modified_gmt":"2020-09-24T14:38:58","slug":"your-camping-in-savoy-for-persons-a-mobility-reduced","status":"publish","type":"page","link":"https:\/\/www.camping-eden-savoie.com\/en\/your-camping-in-savoy-for-persons-a-mobility-reduced\/","title":{"rendered":"Qui : Personnes \u00e0 mobilit\u00e9 r\u00e9duite"},"content":{"rendered":"<section id=\"section-5f2ab25841fbb\"\" class=\"section bg-color1\" \/><div class=\"container extralarge\"><h1 class=\"element section-title center m-b-4\">Your campsite for people with reduced mobility<\/h1><\/div><\/section>\n\n<section id=\"section-5f2ab25842436\"\" class=\"section bg-color5 p-t-0 p-b-0\" \/><div class=\"container full\"><div class=\"colonnes-wrap valign-middle \"><div class=\"element colonne p-0\"><div class=\"element images scroll-x-mobile\"><div class=\"image\"><img decoding=\"async\" src=\"\" data-src=\"https:\/\/www.camping-eden-savoie.com\/wp-content\/uploads\/2020\/08\/camping-adapte-pmr-savoie.jpg\" alt=\"camping adapte pmr savoie\" class=\"images_image anime-zoom\" \/><\/div><\/div><\/div><div class=\"element colonne p-x-10 p-y-10\"><div class=\"element bloc-text justify \">\n\t<p>We try to offer <strong class=\"bold color1\"> services adapted for people with reduced mobility<\/strong> :<\/p>\n<ul>\n<li><strong class=\"bold color1\">If you would like to stay on one of our 90 landscaped pitches<\/strong> (with your own tent, caravan or motor home), we can offer you a spacious, flat pitch close to the amenities (sanitary facilities, reception, etc).  Our sanitary block is wheelchair accessible and a spacious shower with adapted WC has been provided for you!  The footbath giving access to the swimming pool is also accessible to you (a person will have to accompany you to open the door and help you to bathe).  And finally, you will be able to move easily with your armchair between your location &#8211; the reception &#8211; the bar and the terrace and finally the swimming pool.<\/li>\n<li><strong class=\"bold color1\">If you wish to spend a stay in a rental <\/strong>, only one of our rental units is adapted for people with reduced mobility and it is a canvas bungalow.  This bungalow does not contain any sanitary facilities, so you will have access to the common sanitary facilities which are wheelchair accessible and a spacious shower with adapted WC has been provided for you!  The footbath giving access to the swimming pool is also accessible to you (a person will have to accompany you to open the door and help you to bathe).  And finally, you will be able to circulate easily with your armchair between your location-the reception, the bar and the terrace and finally the swimming pool.<\/li>\n<\/ul>\n<\/div><\/div><\/div><\/div><\/section>\n\n<section id=\"section-5f2aae2ae11ca\"\" class=\"section bg-color5 p-t-0 p-b-0\" \/><div class=\"container full\"><div class=\"colonnes-wrap valign-middle \"><div class=\"element colonne p-x-10 p-y-10\"><h2 class=\"element section-title justify\">Camping PMR what is it<\/h2><div class=\"element bloc-text justify \">\n\t<p>At <a href=\"\/en\/\">camping Savoie<\/a>, we would like to offer all our guests the possibility to <strong class=\"bold color1\">discover the treasures of the Alps<\/strong>. <\/p>\n<p>For this reason, we are proud to be at the head of a PMR outdoor hotel adapted to the specific needs of people with reduced mobility.<\/p>\n<p>We have set up <strong class=\"bold color1\">infrastructures accessible to disabled people<\/strong>, including a PMR canvas bungalow.<\/p>\n<p>Our objective? To allow them to move around independently in our facilities (toilet blocks, bar, swimming pool&#8230;) and to enjoy, like all visitors, the joys of camping in a green and preserved environment at the gateway to the Vanoise National Park.<\/p>\n<\/div><\/div><div class=\"element colonne p-0\"><div class=\"element images scroll-x-mobile\"><div class=\"image\"><img decoding=\"async\" src=\"\" data-src=\"https:\/\/www.camping-eden-savoie.com\/wp-content\/uploads\/2020\/08\/acces-handicape-savoie.jpg\" alt=\"acces handicape savoie\" class=\"images_image anime-zoom\" \/><\/div><\/div><\/div><\/div><\/div><\/section>\n\n<section id=\"section-last\"\" class=\"section bg-color5 p-t-0 p-b-0\" \/><div class=\"container full\"><div class=\"colonnes-wrap valign-middle \"><div class=\"element colonne p-0\"><div class=\"element images scroll-x-mobile\"><div class=\"image\"><img decoding=\"async\" src=\"\" data-src=\"https:\/\/www.camping-eden-savoie.com\/wp-content\/uploads\/2020\/08\/location-pmr-savoie.jpg\" alt=\"location pmr savoie\" class=\"images_image anime-zoom\" \/><\/div><\/div><\/div><div class=\"element colonne p-x-10 p-y-10\"><h2 class=\"element section-title justify\">PMR mobile homes<\/h2><div class=\"element bloc-text justify \">\n\t<p>Our rental park includes a <strong class=\"bold color1\">PMR accommodation<\/strong>, a canvas bungalow for 5 people that combines the advantages of the bungalow and the traditional tent. <strong class=\"bold color1\">Suitable for people with reduced mobility<\/strong>, it includes a large living room open onto the wooded area, a fully equipped kitchen and 2 separate bedrooms, one of which has a double bed, as well as a spacious terrace adjoining the living room with garden furniture.<\/p>\n<p>This fully equipped luxury accommodation is located close to the sanitary blocks, which are also wheelchair accessible. The good layout of the rooms and the opening\/closing system of the different rooms facilitates the movement of handicapped persons. <\/p>\n<p>They can move from one room to another at any time, relax on the terrace and walk in the alleys of the PMR campsite. Before making your reservation at camping PMR, <strong class=\"bold color1\">contact us<\/strong> to learn more about our PMR canvas bungalow and the measures put in place to accommodate people with reduced mobility.<\/p>\n<\/div><\/div><\/div><\/div><\/section>\n\n<section id=\"section-last-row\"\" class=\"section bg-color5 p-t-0 p-b-0\" \/><div class=\"container full\"><div class=\"colonnes-wrap valign-middle \"><div class=\"element colonne p-x-10 p-y-10\"><h2 class=\"element section-title justify\">Infrastructures and equipment adapted for all<\/h2><div class=\"element bloc-text justify \">\n\t<p>Integrating people with reduced mobility into daily life and on vacation is a major challenge to be met. Our campsite makes every effort to ensure that the <strong class=\"bold color1\">disabled people can cohabit<\/strong> with other campers and have access to all facilities. If you are staying at the Eden de la Vanoise campsite with a disabled person, you will be able to <strong class=\"bold color1\">drink together a drink on the terrace<\/strong>, <strong class=\"bold color1\">share your meals on the private terrace of your canvas bungalow<\/strong> and <strong class=\"bold color1\">spend hours in the aquatic area<\/strong> with an indoor swimming pool heated between 28 and 30 \u00b0C all year round, summer and winter. <\/p>\n<p>PRMs can also have easy access to the indoor playroom, the laundry, the bakery, the sanitary block, and the terrace. The reception is open every day to answer their questions and answer their specific needs throughout their stay. They will be able to take part in the <strong class=\"bold color1\">homepage<\/strong> as soon as they arrive to meet our team and the other holidaymakers, request the services of professionals on site (masseuse, beautician) and, of course, move freely throughout the entire estate.<\/p>\n<\/div><\/div><div class=\"element colonne p-0\"><div class=\"element images scroll-x-mobile\"><div class=\"image\"><img decoding=\"async\" src=\"\" data-src=\"https:\/\/www.camping-eden-savoie.com\/wp-content\/uploads\/2020\/08\/piscine-handicape-savoie.jpg\" alt=\"randonnees de savoie\" class=\"images_image anime-zoom\" \/><\/div><\/div><\/div><\/div><\/div><\/section>\n\n<section id=\"section-5f2ab2584333c\"\" class=\"section bg-color1\" \/><div class=\"container extralarge\"><div class=\"element section-title center cta-title\">Nearby activities for any type of stay!<\/div><ul class=\"liste-de-page\"><li class=\"element call-to-action center cta-title call-to-action--style-1 call-to-action--normal\"><a href=\"https:\/\/www.camping-eden-savoie.com\/en\/campsite-familly-savoie\/\"  class=\"call-to-action_link\" title=\"Learn more about in family\"><div class=\"call-to-action_image\"><img decoding=\"async\" src=\"https:\/\/www.camping-eden-savoie.com\/wp-content\/uploads\/2020\/08\/famille-savoie-100x88.jpg\" data-src=\"https:\/\/www.camping-eden-savoie.com\/wp-content\/uploads\/2020\/08\/famille-savoie.jpg\" alt=\"famille savoie\" class=\"normal\" \/><\/div><div class=\"call-to-action_contenu\"><div class=\"call-to-action_titre\">In family<\/div><\/div><\/a><\/li><li class=\"element call-to-action center cta-title call-to-action--style-1 call-to-action--normal call-to-action--style-1 call-to-action--normal\"><a href=\"https:\/\/www.camping-eden-savoie.com\/en\/camping-fishing-moutain\/\"  class=\"call-to-action_link\" title=\"Learn more about fishing\"><div class=\"call-to-action_image\"><img decoding=\"async\" src=\"https:\/\/www.camping-eden-savoie.com\/wp-content\/uploads\/2020\/08\/peche-savoie-100x88.jpg\" data-src=\"https:\/\/www.camping-eden-savoie.com\/wp-content\/uploads\/2020\/08\/peche-savoie.jpg\" alt=\"peche savoie\" class=\"normal\" \/><\/div><div class=\"call-to-action_contenu\"><div class=\"call-to-action_titre\">Fishing<\/div><\/div><\/a><\/li><li class=\"element call-to-action center cta-title call-to-action--style-1 call-to-action--normal call-to-action--style-1 call-to-action--normal call-to-action--style-1 call-to-action--normal\"><a href=\"https:\/\/www.camping-eden-savoie.com\/en\/camping-ecological-savoy\/\"  class=\"call-to-action_link\" title=\"Learn more about ecological camping\"><div class=\"call-to-action_image\"><img decoding=\"async\" src=\"https:\/\/www.camping-eden-savoie.com\/wp-content\/uploads\/2020\/08\/environnement-savoie-100x88.jpg\" data-src=\"https:\/\/www.camping-eden-savoie.com\/wp-content\/uploads\/2020\/08\/environnement-savoie.jpg\" alt=\"environnement savoie\" class=\"normal\" \/><\/div><div class=\"call-to-action_contenu\"><div class=\"call-to-action_titre\">Ecological Camping<\/div><\/div><\/a><\/li><\/ul><\/div><\/section>","protected":false},"excerpt":{"rendered":"","protected":false},"author":1,"featured_media":4618,"parent":0,"menu_order":0,"comment_status":"closed","ping_status":"closed","template":"","meta":{"_acf_changed":false,"footnotes":""},"class_list":["post-6062","page","type-page","status-publish","has-post-thumbnail","hentry"],"acf":[],"yoast_head":"<!-- This site is optimized with the Yoast SEO plugin v25.3 - https:\/\/yoast.com\/wordpress\/plugins\/seo\/ -->\n<title>Camping PMR | Camping for persons with reduced mobility | Mobil home PMR<\/title>\n<meta name=\"robots\" content=\"index, follow, max-snippet:-1, max-image-preview:large, max-video-preview:-1\" \/>\n<link rel=\"canonical\" href=\"https:\/\/www.camping-eden-savoie.com\/en\/your-camping-in-savoy-for-persons-a-mobility-reduced\/\" \/>\n<meta property=\"og:locale\" content=\"en_US\" \/>\n<meta property=\"og:type\" content=\"article\" \/>\n<meta property=\"og:title\" content=\"Camping PMR | Camping for persons with reduced mobility | Mobil home PMR\" \/>\n<meta property=\"og:url\" content=\"https:\/\/www.camping-eden-savoie.com\/en\/your-camping-in-savoy-for-persons-a-mobility-reduced\/\" \/>\n<meta property=\"og:site_name\" content=\"Camping l&#039;Eden de la Vanoise\" \/>\n<meta property=\"article:modified_time\" content=\"2020-09-24T14:38:58+00:00\" \/>\n<meta property=\"og:image\" content=\"https:\/\/www.camping-eden-savoie.com\/wp-content\/uploads\/2020\/08\/camping-handicape-savoie.jpg\" \/>\n\t<meta property=\"og:image:width\" content=\"1903\" \/>\n\t<meta property=\"og:image:height\" content=\"550\" \/>\n\t<meta property=\"og:image:type\" content=\"image\/jpeg\" \/>\n<meta name=\"twitter:card\" content=\"summary_large_image\" \/>\n<script type=\"application\/ld+json\" class=\"yoast-schema-graph\">{\"@context\":\"https:\/\/schema.org\",\"@graph\":[{\"@type\":\"WebPage\",\"@id\":\"https:\/\/www.camping-eden-savoie.com\/en\/your-camping-in-savoy-for-persons-a-mobility-reduced\/\",\"url\":\"https:\/\/www.camping-eden-savoie.com\/en\/your-camping-in-savoy-for-persons-a-mobility-reduced\/\",\"name\":\"Camping PMR | Camping for persons with reduced mobility | Mobil home PMR\",\"isPartOf\":{\"@id\":\"https:\/\/www.camping-eden-savoie.com\/en\/#website\"},\"primaryImageOfPage\":{\"@id\":\"https:\/\/www.camping-eden-savoie.com\/en\/your-camping-in-savoy-for-persons-a-mobility-reduced\/#primaryimage\"},\"image\":{\"@id\":\"https:\/\/www.camping-eden-savoie.com\/en\/your-camping-in-savoy-for-persons-a-mobility-reduced\/#primaryimage\"},\"thumbnailUrl\":\"https:\/\/www.camping-eden-savoie.com\/wp-content\/uploads\/2020\/08\/camping-handicape-savoie.jpg\",\"datePublished\":\"2018-05-14T08:43:33+00:00\",\"dateModified\":\"2020-09-24T14:38:58+00:00\",\"breadcrumb\":{\"@id\":\"https:\/\/www.camping-eden-savoie.com\/en\/your-camping-in-savoy-for-persons-a-mobility-reduced\/#breadcrumb\"},\"inLanguage\":\"en-US\",\"potentialAction\":[{\"@type\":\"ReadAction\",\"target\":[\"https:\/\/www.camping-eden-savoie.com\/en\/your-camping-in-savoy-for-persons-a-mobility-reduced\/\"]}]},{\"@type\":\"ImageObject\",\"inLanguage\":\"en-US\",\"@id\":\"https:\/\/www.camping-eden-savoie.com\/en\/your-camping-in-savoy-for-persons-a-mobility-reduced\/#primaryimage\",\"url\":\"https:\/\/www.camping-eden-savoie.com\/wp-content\/uploads\/2020\/08\/camping-handicape-savoie.jpg\",\"contentUrl\":\"https:\/\/www.camping-eden-savoie.com\/wp-content\/uploads\/2020\/08\/camping-handicape-savoie.jpg\",\"width\":1903,\"height\":550,\"caption\":\"camping handicape savoie\"},{\"@type\":\"BreadcrumbList\",\"@id\":\"https:\/\/www.camping-eden-savoie.com\/en\/your-camping-in-savoy-for-persons-a-mobility-reduced\/#breadcrumb\",\"itemListElement\":[{\"@type\":\"ListItem\",\"position\":1,\"name\":\"Camping french Alps\",\"item\":\"https:\/\/www.camping-eden-savoie.com\/en\/\"},{\"@type\":\"ListItem\",\"position\":2,\"name\":\"Stay camping PMR\"}]},{\"@type\":\"WebSite\",\"@id\":\"https:\/\/www.camping-eden-savoie.com\/en\/#website\",\"url\":\"https:\/\/www.camping-eden-savoie.com\/en\/\",\"name\":\"Camping l&#039;Eden de la Vanoise\",\"description\":\"\",\"potentialAction\":[{\"@type\":\"SearchAction\",\"target\":{\"@type\":\"EntryPoint\",\"urlTemplate\":\"https:\/\/www.camping-eden-savoie.com\/en\/?s={search_term_string}\"},\"query-input\":{\"@type\":\"PropertyValueSpecification\",\"valueRequired\":true,\"valueName\":\"search_term_string\"}}],\"inLanguage\":\"en-US\"}]}<\/script>\n<!-- \/ Yoast SEO plugin. -->","yoast_head_json":{"title":"Camping PMR | Camping for persons with reduced mobility | Mobil home PMR","robots":{"index":"index","follow":"follow","max-snippet":"max-snippet:-1","max-image-preview":"max-image-preview:large","max-video-preview":"max-video-preview:-1"},"canonical":"https:\/\/www.camping-eden-savoie.com\/en\/your-camping-in-savoy-for-persons-a-mobility-reduced\/","og_locale":"en_US","og_type":"article","og_title":"Camping PMR | Camping for persons with reduced mobility | Mobil home PMR","og_url":"https:\/\/www.camping-eden-savoie.com\/en\/your-camping-in-savoy-for-persons-a-mobility-reduced\/","og_site_name":"Camping l&#039;Eden de la Vanoise","article_modified_time":"2020-09-24T14:38:58+00:00","og_image":[{"width":1903,"height":550,"url":"https:\/\/www.camping-eden-savoie.com\/wp-content\/uploads\/2020\/08\/camping-handicape-savoie.jpg","type":"image\/jpeg"}],"twitter_card":"summary_large_image","schema":{"@context":"https:\/\/schema.org","@graph":[{"@type":"WebPage","@id":"https:\/\/www.camping-eden-savoie.com\/en\/your-camping-in-savoy-for-persons-a-mobility-reduced\/","url":"https:\/\/www.camping-eden-savoie.com\/en\/your-camping-in-savoy-for-persons-a-mobility-reduced\/","name":"Camping PMR | Camping for persons with reduced mobility | Mobil home PMR","isPartOf":{"@id":"https:\/\/www.camping-eden-savoie.com\/en\/#website"},"primaryImageOfPage":{"@id":"https:\/\/www.camping-eden-savoie.com\/en\/your-camping-in-savoy-for-persons-a-mobility-reduced\/#primaryimage"},"image":{"@id":"https:\/\/www.camping-eden-savoie.com\/en\/your-camping-in-savoy-for-persons-a-mobility-reduced\/#primaryimage"},"thumbnailUrl":"https:\/\/www.camping-eden-savoie.com\/wp-content\/uploads\/2020\/08\/camping-handicape-savoie.jpg","datePublished":"2018-05-14T08:43:33+00:00","dateModified":"2020-09-24T14:38:58+00:00","breadcrumb":{"@id":"https:\/\/www.camping-eden-savoie.com\/en\/your-camping-in-savoy-for-persons-a-mobility-reduced\/#breadcrumb"},"inLanguage":"en-US","potentialAction":[{"@type":"ReadAction","target":["https:\/\/www.camping-eden-savoie.com\/en\/your-camping-in-savoy-for-persons-a-mobility-reduced\/"]}]},{"@type":"ImageObject","inLanguage":"en-US","@id":"https:\/\/www.camping-eden-savoie.com\/en\/your-camping-in-savoy-for-persons-a-mobility-reduced\/#primaryimage","url":"https:\/\/www.camping-eden-savoie.com\/wp-content\/uploads\/2020\/08\/camping-handicape-savoie.jpg","contentUrl":"https:\/\/www.camping-eden-savoie.com\/wp-content\/uploads\/2020\/08\/camping-handicape-savoie.jpg","width":1903,"height":550,"caption":"camping handicape savoie"},{"@type":"BreadcrumbList","@id":"https:\/\/www.camping-eden-savoie.com\/en\/your-camping-in-savoy-for-persons-a-mobility-reduced\/#breadcrumb","itemListElement":[{"@type":"ListItem","position":1,"name":"Camping french Alps","item":"https:\/\/www.camping-eden-savoie.com\/en\/"},{"@type":"ListItem","position":2,"name":"Stay camping PMR"}]},{"@type":"WebSite","@id":"https:\/\/www.camping-eden-savoie.com\/en\/#website","url":"https:\/\/www.camping-eden-savoie.com\/en\/","name":"Camping l&#039;Eden de la Vanoise","description":"","potentialAction":[{"@type":"SearchAction","target":{"@type":"EntryPoint","urlTemplate":"https:\/\/www.camping-eden-savoie.com\/en\/?s={search_term_string}"},"query-input":{"@type":"PropertyValueSpecification","valueRequired":true,"valueName":"search_term_string"}}],"inLanguage":"en-US"}]}},"_links":{"self":[{"href":"https:\/\/www.camping-eden-savoie.com\/en\/wp-json\/wp\/v2\/pages\/6062"}],"collection":[{"href":"https:\/\/www.camping-eden-savoie.com\/en\/wp-json\/wp\/v2\/pages"}],"about":[{"href":"https:\/\/www.camping-eden-savoie.com\/en\/wp-json\/wp\/v2\/types\/page"}],"author":[{"embeddable":true,"href":"https:\/\/www.camping-eden-savoie.com\/en\/wp-json\/wp\/v2\/users\/1"}],"replies":[{"embeddable":true,"href":"https:\/\/www.camping-eden-savoie.com\/en\/wp-json\/wp\/v2\/comments?post=6062"}],"version-history":[{"count":6,"href":"https:\/\/www.camping-eden-savoie.com\/en\/wp-json\/wp\/v2\/pages\/6062\/revisions"}],"predecessor-version":[{"id":7465,"href":"https:\/\/www.camping-eden-savoie.com\/en\/wp-json\/wp\/v2\/pages\/6062\/revisions\/7465"}],"wp:featuredmedia":[{"embeddable":true,"href":"https:\/\/www.camping-eden-savoie.com\/en\/wp-json\/wp\/v2\/media\/4618"}],"wp:attachment":[{"href":"https:\/\/www.camping-eden-savoie.com\/en\/wp-json\/wp\/v2\/media?parent=6062"}],"curies":[{"name":"wp","href":"https:\/\/api.w.org\/{rel}","templated":true}]}}