{"id":999,"date":"2016-02-15T10:03:56","date_gmt":"2016-02-15T09:03:56","guid":{"rendered":"https:\/\/www.camping-eden-savoie.com\/de\/camping-montagne-randonnees\/"},"modified":"2020-09-23T18:38:21","modified_gmt":"2020-09-23T16:38:21","slug":"camping-bergwandern","status":"publish","type":"page","link":"https:\/\/www.camping-eden-savoie.com\/de\/camping-bergwandern\/","title":{"rendered":"Wanderer"},"content":{"rendered":"<section id=\"section-5f2ab25841fbb\"\" class=\"section bg-color1\" \/><div class=\"container extralarge\"><h1 class=\"element section-title center m-b-4\">Wanderf\u00fchrer in Savoyen in den Alpen<\/h1><\/div><\/section>\n\n<section id=\"section-5f2ab25842436\"\" class=\"section bg-color5 p-t-0 p-b-0\" \/><div class=\"container full\"><div class=\"colonnes-wrap valign-middle \"><div class=\"element colonne p-0\"><div class=\"element images scroll-x-mobile\"><div class=\"image\"><img decoding=\"async\" src=\"\" data-src=\"https:\/\/www.camping-eden-savoie.com\/wp-content\/uploads\/2020\/08\/randonnees-vanoise.jpg\" alt=\"randonnees vanoise\" class=\"images_image anime-zoom\" \/><\/div><\/div><\/div><div class=\"element colonne p-x-10 p-y-10\"><h2 class=\"element section-title justify\">Eine gro\u00dfe Auswahl an Wanderungen in Savoyen<\/h2><div class=\"element bloc-text justify \">\n\t<p>Als u van wandelen houd, is dit het ideale basiskamp, om het even welk niveau u hebt. Onze camping is ideaal gelegen tussen het massief van beaufortain en het nationale park van de Vanoise. Dit biedt u dus enorm veel mogelijkheden om te wandelen op alle niveau\u2019s : beginner of doorwinterde wandelaar, u vindt automatisch het schoentje dat u past.<br \/>\nBovendien zult u prachtige alpenlandschappen en alpenfauna kunnen ontdekken : steenbokken, gemeen, marmotten, arenden,\u2026.<\/p>\n<p>We liggen eveneens net langs de GR5 : een grote wandelweg van bergen-op-zoom (Nederland) tot in nice (Frankrijk).<br \/>\nDe 6000d (wandelproef) vindt elk jaar plaats op het gebied van plagen en het vertrek is in aime (op 6km van de camping) denk erom om op tijd te reserveren, deze wedstrijd vindt eind juli plaats.<\/p>\n<p>Enkele wandelvoorbeelden op verschillende niveau\u2019s : la chapelle des Vernettes, le lac de l\u2019\u00e9troit, le lac de la Plagne, la ballade des 5 lacs.<\/p>\n<p><a href=\"http:\/\/rando.vanoise.com\/?categories=T4\" class=\"btn-txt\" target=\"_blank\" rel=\"noopener\">Entdecken Sie das Wandern in Vanoise<\/a><\/p>\n<\/div><\/div><\/div><\/div><\/section>\n\n<section id=\"section-5f2aae2ae11ca\"\" class=\"section bg-color5 p-t-0 p-b-0\" \/><div class=\"container full\"><div class=\"colonnes-wrap valign-middle \"><div class=\"element colonne p-x-10 p-y-10\"><h2 class=\"element section-title justify\">Entscheiden Sie sich f\u00fcr einen Familienurlaub in Savoyen<\/h2><div class=\"element bloc-text justify \">\n\t<p>Die <strong class=\"bold color1\">Wanderwege<\/strong>, die Sie ausleihen k\u00f6nnen, sind zahlreich auf dem Campingplatz in der <strong class=\"bold color1\">Savoyen-Gebirge<\/strong>. Es gibt Schaltungen, die f\u00fcr alle Niveaus geeignet sind. <\/p>\n<p>Sie finden <strong class=\"bold color1\">leichte Strecken f\u00fcr Familien<\/strong> mit kleinen Kindern und etwas schwierigere Strecken f\u00fcr Amateure und Profis. Ihr Aufenthalt ist eine Gelegenheit, Ihre Grenzen zu testen. <\/p>\n<p>F\u00fcr welche Route Sie sich auch immer entscheiden, Sie k\u00f6nnen sich w\u00e4hrend Ihres Campingurlaubs in den Bergen einen echten Hauch von frischer Luft g\u00f6nnen, die herrliche alpine Landschaft bewundern und gro\u00dfe Abenteuer erleben.<\/p>\n<\/div><\/div><div class=\"element colonne p-0\"><div class=\"element images scroll-x-mobile\"><div class=\"image\"><img decoding=\"async\" src=\"\" data-src=\"https:\/\/www.camping-eden-savoie.com\/wp-content\/uploads\/2020\/08\/randonnees-famille-alpes.jpg\" alt=\"randonnees famille alpes\" class=\"images_image anime-zoom\" \/><\/div><\/div><\/div><\/div><\/div><\/section>\n\n<section id=\"section-5f31481b6bab2\"\" class=\"section bg-white p-t-0 p-b-0\" \/><div class=\"container full\"><div class=\"element images scroll-x-mobile\"><div class=\"image\"><img decoding=\"async\" src=\"\" data-src=\"https:\/\/www.camping-eden-savoie.com\/wp-content\/uploads\/2020\/08\/paysage-randonnee-alpes.jpg\" alt=\"paysage randonnee alpes\" class=\"images_image\" \/><\/div><div class=\"image\"><img decoding=\"async\" src=\"\" data-src=\"https:\/\/www.camping-eden-savoie.com\/wp-content\/uploads\/2020\/08\/decouvrez-la-randonnee-savoie.jpg\" alt=\"decouvrez la randonnee savoie\" class=\"images_image\" \/><\/div><div class=\"image\"><img decoding=\"async\" src=\"\" data-src=\"https:\/\/www.camping-eden-savoie.com\/wp-content\/uploads\/2020\/08\/activite-randonnee-savoie.jpg\" alt=\"activite randonnee savoie\" class=\"images_image\" \/><\/div><div class=\"image\"><img decoding=\"async\" src=\"\" data-src=\"https:\/\/www.camping-eden-savoie.com\/wp-content\/uploads\/2020\/08\/activite-randonnee-alpes.jpg\" alt=\"activite randonnee alpes\" class=\"images_image\" \/><\/div><\/div><div class=\"element images scroll-x-mobile\"><div class=\"image\"><img decoding=\"async\" src=\"\" data-src=\"https:\/\/www.camping-eden-savoie.com\/wp-content\/uploads\/2020\/08\/paysage-randonnee-savoie.jpg\" alt=\"paysage randonnee savoie\" class=\"images_image\" \/><\/div><div class=\"image\"><img decoding=\"async\" src=\"\" data-src=\"https:\/\/www.camping-eden-savoie.com\/wp-content\/uploads\/2020\/08\/randonnees-alpes.jpg\" alt=\"randonnees alpes\" class=\"images_image\" \/><\/div><div class=\"image\"><img decoding=\"async\" src=\"\" data-src=\"https:\/\/www.camping-eden-savoie.com\/wp-content\/uploads\/2020\/08\/randonneur-savoie.jpg\" alt=\"randonneur savoie\" class=\"images_image\" \/><\/div><div class=\"image\"><img decoding=\"async\" src=\"\" data-src=\"https:\/\/www.camping-eden-savoie.com\/wp-content\/uploads\/2020\/08\/top-randonnees-savoie.jpg\" alt=\"top randonnees savoie\" class=\"images_image\" \/><\/div><\/div><\/div><\/section>\n\n<section id=\"section-last\"\" class=\"section bg-color5 p-t-0 p-b-0\" \/><div class=\"container full\"><div class=\"colonnes-wrap valign-middle \"><div class=\"element colonne p-0\"><div class=\"element images scroll-x-mobile\"><div class=\"image\"><img decoding=\"async\" src=\"\" data-src=\"https:\/\/www.camping-eden-savoie.com\/wp-content\/uploads\/2020\/08\/camping-randonneur-savoie.jpg\" alt=\"camping randonneur savoie\" class=\"images_image anime-zoom\" \/><\/div><\/div><\/div><div class=\"element colonne p-x-10 p-y-10\"><h2 class=\"element section-title justify\">Top 10 der besten Wanderungen in Savoyen<\/h2><div class=\"element bloc-text justify \">\n\t<ul>\n<li><strong class=\"bold color1\">Lac des F\u00e9es<\/strong> : Eine sehr sch\u00f6ne kinderfreundliche Wanderung mit gr\u00fcnen Landschaften, B\u00e4chen und einem See mit kristallklarem Wasser im Ziel. Start: Beaufort, L\u00e4nge: 8,90 km, Dauer: 5h00, Schwierigkeitsgrad: leicht, H\u00f6henunterschied: 730 m, Rundkurs: ja.<\/li>\n<li><strong class=\"bold color1\">Croix du Nivolet von la F\u00e9claz<\/strong> : Ein sch\u00f6ner Rundgang, ein gro\u00dfer Klassiker bis zum Kreuz, das Chamb\u00e9ry \u00fcberragt. Start: La F\u00e9claz, L\u00e4nge: 9,95 km, Dauer: 3h30, Schwierigkeitsgrad: leicht, H\u00f6henunterschied: 290 m, Rundkurs: ja.<\/li>\n<li><strong class=\"bold color1\">Cinq lacs de Forclaz<\/strong> : Diese sch\u00f6ne Wanderung ohne besondere Schwierigkeiten in den Beaufortain f\u00fchrt an 5 Seen vorbei, 5 gute Gr\u00fcnde, um anzuhalten und frische Luft zu schnappen und gleichzeitig die Landschaft zu bewundern. Abfahrt: Bourg-Saint-Maurice, L\u00e4nge: 11 km, Dauer: 4h55, Schwierigkeitsgrad: leicht, H\u00f6henunterschied: 740 m, Rundkurs: ja.<\/li>\n<li><strong class=\"bold color1\">Rocher du Vent<\/strong> : Ein schwindelerregender Spaziergang, der f\u00fcr klaustrophobisch veranlagte Menschen nicht zu empfehlen ist. Er f\u00fchrt durch einen Tunnel und einen bemerkenswerten Balkon mit sehr sch\u00f6ner Aussicht auf den See und den Roselend-Staudamm. Start: Beaufort, L\u00e4nge: 8,5 km, Dauer: 3h50, Schwierigkeitsgrad: mittel, H\u00f6henunterschied: 590 m, Rundkurs: ja.<\/li>\n<li><strong class=\"bold color1\">Col de la Vanoise<\/strong> : Eine der beliebtesten Wanderungen im Nationalpark rund um die Aiguille de la Vanoise. Start: Pralognan-la-Vanoise, L\u00e4nge: 11,8 km, Dauer: 5h25, Schwierigkeitsgrad: mittel, H\u00f6henunterschied: 870 m, Rundkurs: ja.<\/li>\n<\/ul>\n<\/div><\/div><\/div><\/div><\/section>\n\n<section id=\"section-last-row\"\" class=\"section bg-color5 p-t-0 p-b-0\" \/><div class=\"container full\"><div class=\"colonnes-wrap valign-middle \"><div class=\"element colonne p-x-10 p-y-10\"><div class=\"element bloc-text justify \">\n\t<ul>\n<li><strong class=\"bold color1\">Schleife der 4 Schutzh\u00fctten von Aussois<\/strong> : Diese Wanderung erlaubt, die 4 Schutzh\u00fctten des S\u00fcdens des Parks des Vanoise zu entdecken, bevor man mehrt\u00e4gige Routen in Betracht zieht. Abfahrt: Aussois, L\u00e4nge: 11 km, Dauer: 4h30, Schwierigkeitsgrad: mittel, H\u00f6henunterschied: 580 m, Rundkurs: ja.<\/li>\n<li><strong class=\"bold color1\">Cr\u00eates du Gorgeat<\/strong> : Der Granierfelsen und der See von Aiguebelette sind die 2 wichtigsten Sehensw\u00fcrdigkeiten dieser Wanderung. Abfahrt: Apremont, L\u00e4nge: 12,3 km, Dauer: 5h40, Schwierigkeitsgrad: mittel, H\u00f6henunterschied: 880 m, Rundkurs: ja.<\/li>\n<li><strong class=\"bold color1\">Mont Grelle<\/strong> : Stahlk\u00e4lber sind unerl\u00e4sslich, um diesen gro\u00dfartigen Parcours auf den Gipfel des Mount Grelle zu erreichen. Start: Aiguebelette-le-Lac, L\u00e4nge: 16 km, Dauer: 8h00, Schwierigkeitsgrad: schwierig, H\u00f6henunterschied: 1 420 m, Rundkurs: ja.<\/li>\n<li><strong class=\"bold color1\">Refuge des Evettes<\/strong> : Dieser ebenso spektakul\u00e4re wie anspruchsvolle Rundkurs f\u00fchrt Sie bis an den Fuss des Evettes-Gletschers. Abfahrt: Bonneval-sur-Arc, L\u00e4nge: 12,75 km, Dauer: 5h10, Schwierigkeitsgrad: schwierig, H\u00f6henunterschied: 650 m, Rundkurs: ja.<\/li>\n<li><strong class=\"bold color1\">Dent du Chat und Molard Noir<\/strong> : Eine gro\u00dfe Herausforderung f\u00fcr die Sportlichsten mit fast 1.000 m H\u00f6henunterschied und eine gro\u00dfe Belohnung am Ende: ein Panoramablick auf den Lac du Bourget und die Gipfel der Savoyarden. Start: Bourget-du-Lac, L\u00e4nge: 13 km, Dauer: 6h05, Schwierigkeitsgrad: schwer, H\u00f6henunterschied: 985 m, Rundkurs: ja.<\/li>\n<\/ul>\n<\/div><\/div><div class=\"element colonne p-0\"><div class=\"element images scroll-x-mobile\"><div class=\"image\"><img decoding=\"async\" src=\"\" data-src=\"https:\/\/www.camping-eden-savoie.com\/wp-content\/uploads\/2020\/08\/randonnees-de-savoie.jpg\" alt=\"randonnees de savoie\" class=\"images_image anime-zoom\" \/><\/div><\/div><\/div><\/div><\/div><\/section>\n\n<section id=\"section-5f2ab2584333c\"\" class=\"section bg-color1\" \/><div class=\"container extralarge\"><div class=\"element section-title center cta-title\">Bleibt f\u00fcr alle! <\/div><ul class=\"liste-de-page\"><li class=\"element call-to-action center cta-title call-to-action--style-1 call-to-action--normal\"><a href=\"https:\/\/www.camping-eden-savoie.com\/de\/camping-angler-berg\/\"  class=\"call-to-action_link\" title=\"Erfahren Sie mehr \u00fcber angeln\"><div class=\"call-to-action_image\"><img decoding=\"async\" src=\"https:\/\/www.camping-eden-savoie.com\/wp-content\/uploads\/2020\/08\/peche-savoie-100x88.jpg\" data-src=\"https:\/\/www.camping-eden-savoie.com\/wp-content\/uploads\/2020\/08\/peche-savoie.jpg\" alt=\"peche savoie\" class=\"normal\" \/><\/div><div class=\"call-to-action_contenu\"><div class=\"call-to-action_titre\">Angeln<\/div><\/div><\/a><\/li><li class=\"element call-to-action center cta-title call-to-action--style-1 call-to-action--normal call-to-action--style-1 call-to-action--normal\"><a href=\"https:\/\/www.camping-eden-savoie.com\/de\/ihr-camping-in-savoy-for-persons-a-mobility-ermassigt\/\"  class=\"call-to-action_link\" title=\"Erfahren Sie mehr \u00fcber campingplatz f\u00fcr prm angepasst\"><div class=\"call-to-action_image\"><img decoding=\"async\" src=\"https:\/\/www.camping-eden-savoie.com\/wp-content\/uploads\/2020\/08\/camping-pmr-savoie-100x88.jpg\" data-src=\"https:\/\/www.camping-eden-savoie.com\/wp-content\/uploads\/2020\/08\/camping-pmr-savoie.jpg\" alt=\"camping pmr savoie\" class=\"normal\" \/><\/div><div class=\"call-to-action_contenu\"><div class=\"call-to-action_titre\">Campingplatz f\u00fcr PRM angepasst<\/div><\/div><\/a><\/li><li class=\"element call-to-action center cta-title call-to-action--style-1 call-to-action--normal call-to-action--style-1 call-to-action--normal call-to-action--style-1 call-to-action--normal\"><a href=\"https:\/\/www.camping-eden-savoie.com\/de\/camping-okologisch-savoyen\/\"  class=\"call-to-action_link\" title=\"Erfahren Sie mehr \u00fcber \u00d6kologisches camping\"><div class=\"call-to-action_image\"><img decoding=\"async\" src=\"https:\/\/www.camping-eden-savoie.com\/wp-content\/uploads\/2020\/08\/environnement-savoie-100x88.jpg\" data-src=\"https:\/\/www.camping-eden-savoie.com\/wp-content\/uploads\/2020\/08\/environnement-savoie.jpg\" alt=\"environnement savoie\" class=\"normal\" \/><\/div><div class=\"call-to-action_contenu\"><div class=\"call-to-action_titre\">\u00d6kologisches Camping<\/div><\/div><\/a><\/li><\/ul><\/div><\/section>","protected":false},"excerpt":{"rendered":"","protected":false},"author":1,"featured_media":4542,"parent":0,"menu_order":0,"comment_status":"closed","ping_status":"closed","template":"","meta":{"_acf_changed":false,"footnotes":""},"class_list":["post-999","page","type-page","status-publish","has-post-thumbnail","hentry"],"acf":[],"yoast_head":"<!-- This site is optimized with the Yoast SEO plugin v25.3 - https:\/\/yoast.com\/wordpress\/plugins\/seo\/ -->\n<title>Camping Gebirge - Bergwanderungen vom Campingplatz Alpes<\/title>\n<meta name=\"description\" content=\"Erfahren Sie mehr \u00fcber das Wandern in Haute-Savoie. Warum wandern Sie in den Ferien in Haute-Savoie?\u00a0\" \/>\n<meta name=\"robots\" content=\"index, follow, max-snippet:-1, max-image-preview:large, max-video-preview:-1\" \/>\n<link rel=\"canonical\" href=\"https:\/\/www.camping-eden-savoie.com\/de\/camping-bergwandern\/\" \/>\n<meta property=\"og:locale\" content=\"de_DE\" \/>\n<meta property=\"og:type\" content=\"article\" \/>\n<meta property=\"og:title\" content=\"Camping Gebirge - Bergwanderungen vom Campingplatz Alpes\" \/>\n<meta property=\"og:description\" content=\"Erfahren Sie mehr \u00fcber das Wandern in Haute-Savoie. Warum wandern Sie in den Ferien in Haute-Savoie?\u00a0\" \/>\n<meta property=\"og:url\" content=\"https:\/\/www.camping-eden-savoie.com\/de\/camping-bergwandern\/\" \/>\n<meta property=\"og:site_name\" content=\"Camping l&#039;Eden de la Vanoise\" \/>\n<meta property=\"article:modified_time\" content=\"2020-09-23T16:38:21+00:00\" \/>\n<meta property=\"og:image\" content=\"https:\/\/www.camping-eden-savoie.com\/wp-content\/uploads\/2020\/08\/camping-randonnees-savoie.jpg\" \/>\n\t<meta property=\"og:image:width\" content=\"1903\" \/>\n\t<meta property=\"og:image:height\" content=\"550\" \/>\n\t<meta property=\"og:image:type\" content=\"image\/jpeg\" \/>\n<meta name=\"twitter:card\" content=\"summary_large_image\" \/>\n<script type=\"application\/ld+json\" class=\"yoast-schema-graph\">{\"@context\":\"https:\/\/schema.org\",\"@graph\":[{\"@type\":\"WebPage\",\"@id\":\"https:\/\/www.camping-eden-savoie.com\/de\/camping-bergwandern\/\",\"url\":\"https:\/\/www.camping-eden-savoie.com\/de\/camping-bergwandern\/\",\"name\":\"Camping Gebirge - Bergwanderungen vom Campingplatz Alpes\",\"isPartOf\":{\"@id\":\"https:\/\/www.camping-eden-savoie.com\/de\/#website\"},\"primaryImageOfPage\":{\"@id\":\"https:\/\/www.camping-eden-savoie.com\/de\/camping-bergwandern\/#primaryimage\"},\"image\":{\"@id\":\"https:\/\/www.camping-eden-savoie.com\/de\/camping-bergwandern\/#primaryimage\"},\"thumbnailUrl\":\"https:\/\/www.camping-eden-savoie.com\/wp-content\/uploads\/2020\/08\/camping-randonnees-savoie.jpg\",\"datePublished\":\"2016-02-15T09:03:56+00:00\",\"dateModified\":\"2020-09-23T16:38:21+00:00\",\"description\":\"Erfahren Sie mehr \u00fcber das Wandern in Haute-Savoie. Warum wandern Sie in den Ferien in Haute-Savoie?\u00a0\",\"breadcrumb\":{\"@id\":\"https:\/\/www.camping-eden-savoie.com\/de\/camping-bergwandern\/#breadcrumb\"},\"inLanguage\":\"de\",\"potentialAction\":[{\"@type\":\"ReadAction\",\"target\":[\"https:\/\/www.camping-eden-savoie.com\/de\/camping-bergwandern\/\"]}]},{\"@type\":\"ImageObject\",\"inLanguage\":\"de\",\"@id\":\"https:\/\/www.camping-eden-savoie.com\/de\/camping-bergwandern\/#primaryimage\",\"url\":\"https:\/\/www.camping-eden-savoie.com\/wp-content\/uploads\/2020\/08\/camping-randonnees-savoie.jpg\",\"contentUrl\":\"https:\/\/www.camping-eden-savoie.com\/wp-content\/uploads\/2020\/08\/camping-randonnees-savoie.jpg\",\"width\":1903,\"height\":550,\"caption\":\"camping randonn\u00e9es savoie\"},{\"@type\":\"BreadcrumbList\",\"@id\":\"https:\/\/www.camping-eden-savoie.com\/de\/camping-bergwandern\/#breadcrumb\",\"itemListElement\":[{\"@type\":\"ListItem\",\"position\":1,\"name\":\"Camping Alpen, in Savoyen\",\"item\":\"https:\/\/www.camping-eden-savoie.com\/de\/\"},{\"@type\":\"ListItem\",\"position\":2,\"name\":\"Wandern in Savoyen\"}]},{\"@type\":\"WebSite\",\"@id\":\"https:\/\/www.camping-eden-savoie.com\/de\/#website\",\"url\":\"https:\/\/www.camping-eden-savoie.com\/de\/\",\"name\":\"Camping l&#039;Eden de la Vanoise\",\"description\":\"\",\"potentialAction\":[{\"@type\":\"SearchAction\",\"target\":{\"@type\":\"EntryPoint\",\"urlTemplate\":\"https:\/\/www.camping-eden-savoie.com\/de\/?s={search_term_string}\"},\"query-input\":{\"@type\":\"PropertyValueSpecification\",\"valueRequired\":true,\"valueName\":\"search_term_string\"}}],\"inLanguage\":\"de\"}]}<\/script>\n<!-- \/ Yoast SEO plugin. -->","yoast_head_json":{"title":"Camping Gebirge - Bergwanderungen vom Campingplatz Alpes","description":"Erfahren Sie mehr \u00fcber das Wandern in Haute-Savoie. Warum wandern Sie in den Ferien in Haute-Savoie?\u00a0","robots":{"index":"index","follow":"follow","max-snippet":"max-snippet:-1","max-image-preview":"max-image-preview:large","max-video-preview":"max-video-preview:-1"},"canonical":"https:\/\/www.camping-eden-savoie.com\/de\/camping-bergwandern\/","og_locale":"de_DE","og_type":"article","og_title":"Camping Gebirge - Bergwanderungen vom Campingplatz Alpes","og_description":"Erfahren Sie mehr \u00fcber das Wandern in Haute-Savoie. Warum wandern Sie in den Ferien in Haute-Savoie?\u00a0","og_url":"https:\/\/www.camping-eden-savoie.com\/de\/camping-bergwandern\/","og_site_name":"Camping l&#039;Eden de la Vanoise","article_modified_time":"2020-09-23T16:38:21+00:00","og_image":[{"width":1903,"height":550,"url":"https:\/\/www.camping-eden-savoie.com\/wp-content\/uploads\/2020\/08\/camping-randonnees-savoie.jpg","type":"image\/jpeg"}],"twitter_card":"summary_large_image","schema":{"@context":"https:\/\/schema.org","@graph":[{"@type":"WebPage","@id":"https:\/\/www.camping-eden-savoie.com\/de\/camping-bergwandern\/","url":"https:\/\/www.camping-eden-savoie.com\/de\/camping-bergwandern\/","name":"Camping Gebirge - Bergwanderungen vom Campingplatz Alpes","isPartOf":{"@id":"https:\/\/www.camping-eden-savoie.com\/de\/#website"},"primaryImageOfPage":{"@id":"https:\/\/www.camping-eden-savoie.com\/de\/camping-bergwandern\/#primaryimage"},"image":{"@id":"https:\/\/www.camping-eden-savoie.com\/de\/camping-bergwandern\/#primaryimage"},"thumbnailUrl":"https:\/\/www.camping-eden-savoie.com\/wp-content\/uploads\/2020\/08\/camping-randonnees-savoie.jpg","datePublished":"2016-02-15T09:03:56+00:00","dateModified":"2020-09-23T16:38:21+00:00","description":"Erfahren Sie mehr \u00fcber das Wandern in Haute-Savoie. Warum wandern Sie in den Ferien in Haute-Savoie?\u00a0","breadcrumb":{"@id":"https:\/\/www.camping-eden-savoie.com\/de\/camping-bergwandern\/#breadcrumb"},"inLanguage":"de","potentialAction":[{"@type":"ReadAction","target":["https:\/\/www.camping-eden-savoie.com\/de\/camping-bergwandern\/"]}]},{"@type":"ImageObject","inLanguage":"de","@id":"https:\/\/www.camping-eden-savoie.com\/de\/camping-bergwandern\/#primaryimage","url":"https:\/\/www.camping-eden-savoie.com\/wp-content\/uploads\/2020\/08\/camping-randonnees-savoie.jpg","contentUrl":"https:\/\/www.camping-eden-savoie.com\/wp-content\/uploads\/2020\/08\/camping-randonnees-savoie.jpg","width":1903,"height":550,"caption":"camping randonn\u00e9es savoie"},{"@type":"BreadcrumbList","@id":"https:\/\/www.camping-eden-savoie.com\/de\/camping-bergwandern\/#breadcrumb","itemListElement":[{"@type":"ListItem","position":1,"name":"Camping Alpen, in Savoyen","item":"https:\/\/www.camping-eden-savoie.com\/de\/"},{"@type":"ListItem","position":2,"name":"Wandern in Savoyen"}]},{"@type":"WebSite","@id":"https:\/\/www.camping-eden-savoie.com\/de\/#website","url":"https:\/\/www.camping-eden-savoie.com\/de\/","name":"Camping l&#039;Eden de la Vanoise","description":"","potentialAction":[{"@type":"SearchAction","target":{"@type":"EntryPoint","urlTemplate":"https:\/\/www.camping-eden-savoie.com\/de\/?s={search_term_string}"},"query-input":{"@type":"PropertyValueSpecification","valueRequired":true,"valueName":"search_term_string"}}],"inLanguage":"de"}]}},"_links":{"self":[{"href":"https:\/\/www.camping-eden-savoie.com\/de\/wp-json\/wp\/v2\/pages\/999"}],"collection":[{"href":"https:\/\/www.camping-eden-savoie.com\/de\/wp-json\/wp\/v2\/pages"}],"about":[{"href":"https:\/\/www.camping-eden-savoie.com\/de\/wp-json\/wp\/v2\/types\/page"}],"author":[{"embeddable":true,"href":"https:\/\/www.camping-eden-savoie.com\/de\/wp-json\/wp\/v2\/users\/1"}],"replies":[{"embeddable":true,"href":"https:\/\/www.camping-eden-savoie.com\/de\/wp-json\/wp\/v2\/comments?post=999"}],"version-history":[{"count":10,"href":"https:\/\/www.camping-eden-savoie.com\/de\/wp-json\/wp\/v2\/pages\/999\/revisions"}],"predecessor-version":[{"id":7475,"href":"https:\/\/www.camping-eden-savoie.com\/de\/wp-json\/wp\/v2\/pages\/999\/revisions\/7475"}],"wp:featuredmedia":[{"embeddable":true,"href":"https:\/\/www.camping-eden-savoie.com\/de\/wp-json\/wp\/v2\/media\/4542"}],"wp:attachment":[{"href":"https:\/\/www.camping-eden-savoie.com\/de\/wp-json\/wp\/v2\/media?parent=999"}],"curies":[{"name":"wp","href":"https:\/\/api.w.org\/{rel}","templated":true}]}}